{"id":57,"date":"2017-05-16T14:13:54","date_gmt":"2017-05-16T12:13:54","guid":{"rendered":"http:\/\/u6253216.fsdata.se\/?page_id=57"},"modified":"2017-08-21T18:17:21","modified_gmt":"2017-08-21T16:17:21","slug":"om-gvfs","status":"publish","type":"page","link":"https:\/\/www.gvfs.se\/?page_id=57","title":{"rendered":"Om GVFS"},"content":{"rendered":"<div dir=\"ltr\">\n<div><a href=\"http:\/\/u6253216.fsdata.se\/wp-content\/uploads\/2017\/05\/bella.jpg\"><img loading=\"lazy\" decoding=\"async\" class=\"size-large wp-image-115 aligncenter\" src=\"http:\/\/u6253216.fsdata.se\/wp-content\/uploads\/2017\/05\/bella-1024x540.jpg\" alt=\"\" width=\"632\" height=\"333\" srcset=\"https:\/\/gvfs.se\/wp-content\/uploads\/2017\/05\/bella-1024x540.jpg 1024w, https:\/\/gvfs.se\/wp-content\/uploads\/2017\/05\/bella-300x158.jpg 300w, https:\/\/gvfs.se\/wp-content\/uploads\/2017\/05\/bella-768x405.jpg 768w, https:\/\/gvfs.se\/wp-content\/uploads\/2017\/05\/bella.jpg 1482w\" sizes=\"auto, (max-width: 632px) 100vw, 632px\" \/><\/a><\/div>\n<div><\/div>\n<div>Verksamheten \u00e4r f\u00f6rlagd till v\u00e5r hangar och klubbstuga vid flygf\u00e4ltet i Alings\u00e5s, samt i Aeroseum p\u00e5 S\u00e4ve flygf\u00e4lt utanf\u00f6r G\u00f6teborg. D\u00e4r plockas flygplanen ner i sina best\u00e5ndsdelar och \u00e5terst\u00e4lls till n\u00e4ra nog nyskick. H\u00e4refter s\u00e4tts allt samman till ett luftv\u00e4rdigt flygplan &#8211; i v\u00e4l s\u00e5 gott skick som n\u00e4r det l\u00e4mnade tillverkaren, kanske n\u00e5gon g\u00e5ng p\u00e5 1930-talet.<\/div>\n<p>S\u00e4llskapets hemmaf\u00e4lt \u00e4r Alings\u00e5s flygf\u00e4lt,ESGI, som med sin gr\u00e4skl\u00e4dda bana vid S\u00e4ve\u00e5ns lummiga str\u00e4nder \u00e4r rena idyllen. En mer passande inramning till de historiska maskinerna \u00e4r sv\u00e5rt att finna. Under den varmare delen av \u00e5ret brukar vi tr\u00e4ffas i Alings\u00e5s p\u00e5 onsdagskv\u00e4llarna.<\/p>\n<p>Varje \u00e5r ordnar s\u00e4llskapet utflykter d\u00e4r \u00e4ven familjemedlemmar deltar. P\u00e5 v\u00e5ren brukar danska KZ-klubbens flygdag i Stauning vara ett omtyckt resm\u00e5l. Vid v\u00e5ra medlemstr\u00e4ffar i Alings\u00e5s f\u00e5r medlemmarna tillf\u00e4lle att n\u00e4rmare bekanta sig med de gamla flygmaskinerna s\u00e5v\u00e4l p\u00e5 marken som i luften.<\/p>\n<p>Intressanta m\u00f6ten och filmkv\u00e4llar st\u00e5r ocks\u00e5 p\u00e5 programet. Verksamheten avslutas varje \u00e5r med jullunch d\u00e4r n\u00e5gon intressant g\u00e4stf\u00f6rel\u00e4sare pratar flyg och flyghistoria.<\/p>\n<p><a href=\"http:\/\/www.gvfs.se\/?page_id=67\">Styrelse<\/a><\/p>\n<\/div>\n","protected":false},"excerpt":{"rendered":"<p>Verksamheten \u00e4r f\u00f6rlagd till v\u00e5r hangar och klubbstuga vid flygf\u00e4ltet i Alings\u00e5s, samt i Aeroseum p\u00e5 S\u00e4ve flygf\u00e4lt utanf\u00f6r G\u00f6teborg. D\u00e4r plockas flygplanen ner i sina best\u00e5ndsdelar och \u00e5terst\u00e4lls till n\u00e4ra nog nyskick. H\u00e4refter s\u00e4tts allt samman till ett luftv\u00e4rdigt flygplan &#8211; i v\u00e4l s\u00e5 gott skick som n\u00e4r det l\u00e4mnade tillverkaren, kanske n\u00e5gon g\u00e5ng [&hellip;]<\/p>\n","protected":false},"author":1,"featured_media":0,"parent":0,"menu_order":0,"comment_status":"closed","ping_status":"closed","template":"","meta":{"footnotes":""},"class_list":["post-57","page","type-page","status-publish","hentry","entry"],"_links":{"self":[{"href":"https:\/\/www.gvfs.se\/index.php?rest_route=\/wp\/v2\/pages\/57","targetHints":{"allow":["GET"]}}],"collection":[{"href":"https:\/\/www.gvfs.se\/index.php?rest_route=\/wp\/v2\/pages"}],"about":[{"href":"https:\/\/www.gvfs.se\/index.php?rest_route=\/wp\/v2\/types\/page"}],"author":[{"embeddable":true,"href":"https:\/\/www.gvfs.se\/index.php?rest_route=\/wp\/v2\/users\/1"}],"replies":[{"embeddable":true,"href":"https:\/\/www.gvfs.se\/index.php?rest_route=%2Fwp%2Fv2%2Fcomments&post=57"}],"version-history":[{"count":6,"href":"https:\/\/www.gvfs.se\/index.php?rest_route=\/wp\/v2\/pages\/57\/revisions"}],"predecessor-version":[{"id":371,"href":"https:\/\/www.gvfs.se\/index.php?rest_route=\/wp\/v2\/pages\/57\/revisions\/371"}],"wp:attachment":[{"href":"https:\/\/www.gvfs.se\/index.php?rest_route=%2Fwp%2Fv2%2Fmedia&parent=57"}],"curies":[{"name":"wp","href":"https:\/\/api.w.org\/{rel}","templated":true}]}}